{"id":26756,"date":"2023-09-12T09:55:44","date_gmt":"2023-09-12T15:55:44","guid":{"rendered":"https:\/\/www.aicm.com.mx\/?page_id=26756"},"modified":"2024-10-31T13:32:28","modified_gmt":"2024-10-31T20:32:28","slug":"government-of-mexico","status":"publish","type":"page","link":"https:\/\/www.aicm.com.mx\/en\/dependencies\/government-of-mexico","title":{"rendered":"Government of Mexico"},"content":{"rendered":"<h1>Government of Mexico<\/h1>\n<p>&nbsp;<\/p>\n<div class=\"rectangulo\">\n<div class=\"div60\">Gobierno de M\u00e9xico<\/div>\n<div class=\"div30 textderecha\"><a class=\"cuadroverde1a\" href=\"https:\/\/www.gob.mx\/\" target=\"_blank\" rel=\"noopener\">Visita sitio<\/a><\/div>\n<\/div>\n<div class=\"rectangulo\">\n<div class=\"div60\">Secretar\u00eda de Gobernaci\u00f3n<\/div>\n<div class=\"div30 textderecha\"><a class=\"cuadroverde2a\" href=\"https:\/\/www.gob.mx\/segob\" target=\"_blank\" rel=\"noopener\">Visita sitio<\/a><\/div>\n<\/div>\n<div class=\"rectangulo\">\n<div class=\"div60\">Secretar\u00eda de Marina<\/div>\n<div class=\"div30 textderecha\"><a class=\"cuadroverde1a\" href=\"https:\/\/www.gob.mx\/semar\" target=\"_blank\" rel=\"noopener\">Visita sitio<\/a><\/div>\n<\/div>\n<div class=\"rectangulo\">\n<div class=\"div60\">Secretar\u00eda de Infraestructura, Comunicaciones y Transportes<\/div>\n<div class=\"div30 textderecha\"><a class=\"cuadroverde2a\" href=\"https:\/\/www.gob.mx\/sct\" target=\"_blank\" rel=\"noopener\">Visita sitio<\/a><\/div>\n<\/div>\n<div class=\"rectangulo\">\n<div class=\"div60\">Secretar\u00eda de Relaciones Exteriores<\/div>\n<div class=\"div30 textderecha\"><a class=\"cuadroverde1a\" href=\"https:\/\/www.gob.mx\/sre\" target=\"_blank\" rel=\"noopener\">Visita sitio<\/a><\/div>\n<\/div>\n<div class=\"rectangulo\">\n<div class=\"div60\">Secretar\u00eda de la Defensa Nacional<\/div>\n<div class=\"div30 textderecha\"><a class=\"cuadroverde2a\" href=\"https:\/\/www.gob.mx\/sedena\" target=\"_blank\" rel=\"noopener\">Visita sitio<\/a><\/div>\n<\/div>\n<div class=\"rectangulo\">\n<div class=\"div60\">Secretar\u00eda de Hacienda y Cr\u00e9dito P\u00fablico<\/div>\n<div class=\"div30 textderecha\"><a class=\"cuadroverde1a\" href=\"https:\/\/www.gob.mx\/shcp\" target=\"_blank\" rel=\"noopener\">Visita sitio<\/a><\/div>\n<\/div>\n<div class=\"rectangulo\">\n<div class=\"div60\">Secretar\u00eda de Bienestar<\/div>\n<div class=\"div30 textderecha\"><a class=\"cuadroverde2a\" href=\"https:\/\/www.gob.mx\/bienestar\" target=\"_blank\" rel=\"noopener\">Visita sitio<\/a><\/div>\n<\/div>\n<div class=\"rectangulo\">\n<div class=\"div60\">Secretar\u00eda de Medio Ambiente y Recursos Naturales<\/div>\n<div class=\"div30 textderecha\"><a class=\"cuadroverde1a\" href=\"https:\/\/www.gob.mx\/semarnat\" target=\"_blank\" rel=\"noopener\">Visita sitio<\/a><\/div>\n<\/div>\n<div class=\"rectangulo\">\n<div class=\"div60\">Secretar\u00eda de Energ\u00eda<\/div>\n<div class=\"div30 textderecha\"><a class=\"cuadroverde2a\" href=\"https:\/\/www.gob.mx\/sener\" target=\"_blank\" rel=\"noopener\">Visita sitio<\/a><\/div>\n<\/div>\n<div class=\"rectangulo\">\n<div class=\"div60\">Secretar\u00eda de Educaci\u00f3n P\u00fablica<\/div>\n<div class=\"div30 textderecha\"><a class=\"cuadroverde1a\" href=\"https:\/\/www.gob.mx\/sep\" target=\"_blank\" rel=\"noopener\">Visita sitio<\/a><\/div>\n<\/div>\n<div class=\"rectangulo\">\n<div class=\"div60\">Secretar\u00eda de Agricultura y Desarrollo Rural<\/div>\n<div class=\"div30 textderecha\"><a class=\"cuadroverde2a\" href=\"https:\/\/www.gob.mx\/agricultura\" target=\"_blank\" rel=\"noopener\">Visita sitio<\/a><\/div>\n<\/div>\n<div class=\"rectangulo\">\n<div class=\"div60\">Secretar\u00eda de la Funci\u00f3n P\u00fablica<\/div>\n<div class=\"div30 textderecha\"><a class=\"cuadroverde1a\" href=\"https:\/\/www.gob.mx\/sfp\" target=\"_blank\" rel=\"noopener\">Visita sitio<\/a><\/div>\n<\/div>\n<div class=\"rectangulo\">\n<div class=\"div60\">Secretar\u00eda de Salud<\/div>\n<div class=\"div30 textderecha\"><a class=\"cuadroverde2a\" href=\"https:\/\/www.gob.mx\/salud\" target=\"_blank\" rel=\"noopener\">Visita sitio<\/a><\/div>\n<\/div>\n<div class=\"rectangulo\">\n<div class=\"div60\">Secretar\u00eda del Trabajo y Previsi\u00f3n Social<\/div>\n<div class=\"div30 textderecha\"><a class=\"cuadroverde1a\" href=\"https:\/\/www.gob.mx\/stps\" target=\"_blank\" rel=\"noopener\">Visita sitio<\/a><\/div>\n<\/div>\n<div class=\"rectangulo\">\n<div class=\"div60\">Secretar\u00eda de Desarrollo Agrario, Territorial y Urbano<\/div>\n<div class=\"div30 textderecha\"><a class=\"cuadroverde2a\" href=\"https:\/\/www.gob.mx\/sedatu\" target=\"_blank\" rel=\"noopener\">Visita sitio<\/a><\/div>\n<\/div>\n<div class=\"rectangulo\">\n<div class=\"div60\">Secretar\u00eda de Turismo<\/div>\n<div class=\"div30 textderecha\"><a class=\"cuadroverde1a\" href=\"https:\/\/www.gob.mx\/sectur\" target=\"_blank\" rel=\"noopener\">Visita sitio<\/a><\/div>\n<\/div>\n<div class=\"rectangulo\">\n<div class=\"div60\">Secretar\u00eda de Cultura<\/div>\n<div class=\"div30 textderecha\"><a class=\"cuadroverde2a\" href=\"http:\/\/www.cultura.gob.mx\/\" target=\"_blank\" rel=\"noopener\">Visita sitio<\/a><\/div>\n<\/div>\n<div class=\"rectangulo\">\n<div class=\"div60\">Secretar\u00eda de Seguridad y Protecci\u00f3n Ciudadana<\/div>\n<div class=\"div30 textderecha\"><a class=\"cuadroverde1a\" href=\"https:\/\/www.gob.mx\/sspc\" target=\"_blank\" rel=\"noopener\">Visita sitio<\/a><\/div>\n<\/div>\n<div class=\"rectangulo\">\n<div class=\"div60\">Consejer\u00eda Jur\u00eddica del Ejecutivo Federal<\/div>\n<div class=\"div30 textderecha\"><a class=\"cuadroverde2a\" href=\"https:\/\/www.gob.mx\/cjef\" target=\"_blank\" rel=\"noopener\">Visita sitio<\/a><\/div>\n<\/div>\n","protected":false},"excerpt":{"rendered":"<p>Government of Mexico &nbsp; Gobierno de M\u00e9xico Visita sitio Secretar\u00eda de Gobernaci\u00f3n Visita sitio Secretar\u00eda de Marina Visita sitio Secretar\u00eda de Infraestructura, Comunicaciones y Transportes Visita sitio Secretar\u00eda de Relaciones Exteriores Visita sitio Secretar\u00eda de la Defensa Nacional Visita sitio Secretar\u00eda de Hacienda y Cr\u00e9dito P\u00fablico Visita sitio Secretar\u00eda de Bienestar Visita sitio Secretar\u00eda de&hellip; <a class=\"more-link\" href=\"https:\/\/www.aicm.com.mx\/en\/dependencies\/government-of-mexico\">Continue reading <span class=\"screen-reader-text\">Government of Mexico<\/span><\/a><\/p>\n","protected":false},"author":14,"featured_media":0,"parent":26739,"menu_order":0,"comment_status":"closed","ping_status":"closed","template":"","meta":{"om_disable_all_campaigns":false,"ngg_post_thumbnail":0,"jetpack_post_was_ever_published":false,"footnotes":""},"aioseo_notices":[],"jetpack_shortlink":"https:\/\/wp.me\/P3QxYC-6Xy","jetpack_sharing_enabled":true,"_links":{"self":[{"href":"https:\/\/www.aicm.com.mx\/en\/wp-json\/wp\/v2\/pages\/26756"}],"collection":[{"href":"https:\/\/www.aicm.com.mx\/en\/wp-json\/wp\/v2\/pages"}],"about":[{"href":"https:\/\/www.aicm.com.mx\/en\/wp-json\/wp\/v2\/types\/page"}],"author":[{"embeddable":true,"href":"https:\/\/www.aicm.com.mx\/en\/wp-json\/wp\/v2\/users\/14"}],"replies":[{"embeddable":true,"href":"https:\/\/www.aicm.com.mx\/en\/wp-json\/wp\/v2\/comments?post=26756"}],"version-history":[{"count":1,"href":"https:\/\/www.aicm.com.mx\/en\/wp-json\/wp\/v2\/pages\/26756\/revisions"}],"predecessor-version":[{"id":26758,"href":"https:\/\/www.aicm.com.mx\/en\/wp-json\/wp\/v2\/pages\/26756\/revisions\/26758"}],"up":[{"embeddable":true,"href":"https:\/\/www.aicm.com.mx\/en\/wp-json\/wp\/v2\/pages\/26739"}],"wp:attachment":[{"href":"https:\/\/www.aicm.com.mx\/en\/wp-json\/wp\/v2\/media?parent=26756"}],"curies":[{"name":"wp","href":"https:\/\/api.w.org\/{rel}","templated":true}]}}